{"id":2217,"date":"2019-11-21T01:06:35","date_gmt":"2019-11-21T00:06:35","guid":{"rendered":"http:\/\/www.attin-mairie.fr\/?page_id=2217"},"modified":"2020-06-04T22:03:19","modified_gmt":"2020-06-04T21:03:19","slug":"aides-et-droits-sociaux","status":"publish","type":"page","link":"https:\/\/www.attin-mairie.fr\/?page_id=2217","title":{"rendered":"Aides et droits sociaux"},"content":{"rendered":"\t\t<div data-elementor-type=\"wp-page\" data-elementor-id=\"2217\" class=\"elementor elementor-2217\">\n\t\t\t\t\t\t<section class=\"elementor-section elementor-top-section elementor-element elementor-element-41d2f67 elementor-section-boxed elementor-section-height-default elementor-section-height-default\" data-id=\"41d2f67\" data-element_type=\"section\" data-e-type=\"section\">\n\t\t\t\t\t\t<div class=\"elementor-container elementor-column-gap-default\">\n\t\t\t\t\t<div class=\"elementor-column elementor-col-100 elementor-top-column elementor-element elementor-element-10c5f57\" data-id=\"10c5f57\" data-element_type=\"column\" data-e-type=\"column\">\n\t\t\t<div class=\"elementor-widget-wrap elementor-element-populated\">\n\t\t\t\t\t\t<div class=\"elementor-element elementor-element-cc7ce53 elementor-widget elementor-widget-heading\" data-id=\"cc7ce53\" data-element_type=\"widget\" data-e-type=\"widget\" data-widget_type=\"heading.default\">\n\t\t\t\t<div class=\"elementor-widget-container\">\n\t\t\t\t\t<h2 class=\"elementor-heading-title elementor-size-default\">Aides permis de conduire<\/h2>\t\t\t\t<\/div>\n\t\t\t\t<\/div>\n\t\t\t\t<section class=\"elementor-section elementor-inner-section elementor-element elementor-element-14e2f9a elementor-section-boxed elementor-section-height-default elementor-section-height-default\" data-id=\"14e2f9a\" data-element_type=\"section\" data-e-type=\"section\">\n\t\t\t\t\t\t<div class=\"elementor-container elementor-column-gap-default\">\n\t\t\t\t\t<div class=\"elementor-column elementor-col-50 elementor-inner-column elementor-element elementor-element-5d2d119\" data-id=\"5d2d119\" data-element_type=\"column\" data-e-type=\"column\">\n\t\t\t<div class=\"elementor-widget-wrap elementor-element-populated\">\n\t\t\t\t\t\t<div class=\"elementor-element elementor-element-b7daf93 elementor-widget elementor-widget-image\" data-id=\"b7daf93\" data-element_type=\"widget\" data-e-type=\"widget\" data-widget_type=\"image.default\">\n\t\t\t\t<div class=\"elementor-widget-container\">\n\t\t\t\t\t\t\t\t\t\t\t\t\t\t\t<img decoding=\"async\" width=\"300\" height=\"150\" src=\"https:\/\/www.attin-mairie.fr\/wp-content\/uploads\/2019\/06\/permis-conduire-etranger-300x150.jpg\" class=\"attachment-medium size-medium wp-image-1914\" alt=\"\" srcset=\"https:\/\/www.attin-mairie.fr\/wp-content\/uploads\/2019\/06\/permis-conduire-etranger-300x150.jpg 300w, https:\/\/www.attin-mairie.fr\/wp-content\/uploads\/2019\/06\/permis-conduire-etranger.jpg 640w\" sizes=\"(max-width: 300px) 100vw, 300px\" \/>\t\t\t\t\t\t\t\t\t\t\t\t\t\t\t<\/div>\n\t\t\t\t<\/div>\n\t\t\t\t\t<\/div>\n\t\t<\/div>\n\t\t\t\t<div class=\"elementor-column elementor-col-50 elementor-inner-column elementor-element elementor-element-d5de2db\" data-id=\"d5de2db\" data-element_type=\"column\" data-e-type=\"column\">\n\t\t\t<div class=\"elementor-widget-wrap elementor-element-populated\">\n\t\t\t\t\t\t<div class=\"elementor-element elementor-element-fdb1f06 elementor-widget elementor-widget-text-editor\" data-id=\"fdb1f06\" data-element_type=\"widget\" data-e-type=\"widget\" data-widget_type=\"text-editor.default\">\n\t\t\t\t<div class=\"elementor-widget-container\">\n\t\t\t\t\t\t\t\t\t<p>Le d\u00e9partement du pas-de-calais propose plusieurs dispositifs pour financer le permis de conduire.<\/p>\t\t\t\t\t\t\t\t<\/div>\n\t\t\t\t<\/div>\n\t\t\t\t\t<\/div>\n\t\t<\/div>\n\t\t\t\t\t<\/div>\n\t\t<\/section>\n\t\t\t\t<div class=\"elementor-element elementor-element-dbe4d66 elementor-widget elementor-widget-text-editor\" data-id=\"dbe4d66\" data-element_type=\"widget\" data-e-type=\"widget\" data-widget_type=\"text-editor.default\">\n\t\t\t\t<div class=\"elementor-widget-container\">\n\t\t\t\t\t\t\t\t\t<p>Suivre les liens pour plus d&rsquo;infos :<\/p><p><a href=\"http:\/\/jeunesdu62.fr\/Ma-mobilite\/bourse-Initiatives-jeunes-permis-citoyen\">http:\/\/jeunesdu62.fr\/Ma-mobilite\/bourse-Initiatives-jeunes-permis-citoyen\u00a0<\/a><\/p><p><a href=\"http:\/\/www.jeunesdu62.fr\/Ma-mobilite\/Coup-de-pouce-Permis-de-conduire-En-Route-vers-l-emploi\">http:\/\/www.jeunesdu62.fr\/Ma-mobilite\/Coup-de-pouce-Permis-de-conduire-En-Route-vers-l-emploi<\/a><\/p>\t\t\t\t\t\t\t\t<\/div>\n\t\t\t\t<\/div>\n\t\t\t\t\t<\/div>\n\t\t<\/div>\n\t\t\t\t\t<\/div>\n\t\t<\/section>\n\t\t\t\t<section class=\"elementor-section elementor-top-section elementor-element elementor-element-b029641 elementor-section-boxed elementor-section-height-default elementor-section-height-default\" data-id=\"b029641\" data-element_type=\"section\" data-e-type=\"section\">\n\t\t\t\t\t\t<div class=\"elementor-container elementor-column-gap-default\">\n\t\t\t\t\t<div class=\"elementor-column elementor-col-100 elementor-top-column elementor-element elementor-element-a88179f\" data-id=\"a88179f\" data-element_type=\"column\" data-e-type=\"column\">\n\t\t\t<div class=\"elementor-widget-wrap elementor-element-populated\">\n\t\t\t\t\t\t<div class=\"elementor-element elementor-element-c8fa38f elementor-widget-divider--view-line elementor-widget elementor-widget-divider\" data-id=\"c8fa38f\" data-element_type=\"widget\" data-e-type=\"widget\" data-widget_type=\"divider.default\">\n\t\t\t\t<div class=\"elementor-widget-container\">\n\t\t\t\t\t\t\t<div class=\"elementor-divider\">\n\t\t\t<span class=\"elementor-divider-separator\">\n\t\t\t\t\t\t<\/span>\n\t\t<\/div>\n\t\t\t\t\t\t<\/div>\n\t\t\t\t<\/div>\n\t\t\t\t\t<\/div>\n\t\t<\/div>\n\t\t\t\t\t<\/div>\n\t\t<\/section>\n\t\t\t\t<section class=\"elementor-section elementor-top-section elementor-element elementor-element-6951896 elementor-section-boxed elementor-section-height-default elementor-section-height-default\" data-id=\"6951896\" data-element_type=\"section\" data-e-type=\"section\">\n\t\t\t\t\t\t<div class=\"elementor-container elementor-column-gap-default\">\n\t\t\t\t\t<div class=\"elementor-column elementor-col-100 elementor-top-column elementor-element elementor-element-06e9380\" data-id=\"06e9380\" data-element_type=\"column\" data-e-type=\"column\">\n\t\t\t<div class=\"elementor-widget-wrap elementor-element-populated\">\n\t\t\t\t\t\t<div class=\"elementor-element elementor-element-d0473fa elementor-widget elementor-widget-heading\" data-id=\"d0473fa\" data-element_type=\"widget\" data-e-type=\"widget\" data-widget_type=\"heading.default\">\n\t\t\t\t<div class=\"elementor-widget-container\">\n\t\t\t\t\t<h2 class=\"elementor-heading-title elementor-size-default\">prime aux acc\u00e9dants\n\"habiter mieux en ca2bm\"<\/h2>\t\t\t\t<\/div>\n\t\t\t\t<\/div>\n\t\t\t\t<section class=\"elementor-section elementor-inner-section elementor-element elementor-element-57f86e8 elementor-section-boxed elementor-section-height-default elementor-section-height-default\" data-id=\"57f86e8\" data-element_type=\"section\" data-e-type=\"section\">\n\t\t\t\t\t\t<div class=\"elementor-container elementor-column-gap-default\">\n\t\t\t\t\t<div class=\"elementor-column elementor-col-50 elementor-inner-column elementor-element elementor-element-30cd479\" data-id=\"30cd479\" data-element_type=\"column\" data-e-type=\"column\">\n\t\t\t<div class=\"elementor-widget-wrap elementor-element-populated\">\n\t\t\t\t\t\t<div class=\"elementor-element elementor-element-7f072c4 elementor-absolute elementor-widget elementor-widget-image\" data-id=\"7f072c4\" data-element_type=\"widget\" data-e-type=\"widget\" data-settings=\"{&quot;_position&quot;:&quot;absolute&quot;}\" data-widget_type=\"image.default\">\n\t\t\t\t<div class=\"elementor-widget-container\">\n\t\t\t\t\t\t\t\t\t\t\t\t\t\t\t<img fetchpriority=\"high\" decoding=\"async\" width=\"724\" height=\"1024\" src=\"https:\/\/www.attin-mairie.fr\/wp-content\/uploads\/2019\/09\/habiter-mieux-724x1024.png\" class=\"attachment-large size-large wp-image-1959\" alt=\"\" srcset=\"https:\/\/www.attin-mairie.fr\/wp-content\/uploads\/2019\/09\/habiter-mieux-724x1024.png 724w, https:\/\/www.attin-mairie.fr\/wp-content\/uploads\/2019\/09\/habiter-mieux-212x300.png 212w, https:\/\/www.attin-mairie.fr\/wp-content\/uploads\/2019\/09\/habiter-mieux-768x1086.png 768w, https:\/\/www.attin-mairie.fr\/wp-content\/uploads\/2019\/09\/habiter-mieux.png 842w\" sizes=\"(max-width: 724px) 100vw, 724px\" \/>\t\t\t\t\t\t\t\t\t\t\t\t\t\t\t<\/div>\n\t\t\t\t<\/div>\n\t\t\t\t\t<\/div>\n\t\t<\/div>\n\t\t\t\t<div class=\"elementor-column elementor-col-50 elementor-inner-column elementor-element elementor-element-a42e00d\" data-id=\"a42e00d\" data-element_type=\"column\" data-e-type=\"column\">\n\t\t\t<div class=\"elementor-widget-wrap elementor-element-populated\">\n\t\t\t\t\t\t<div class=\"elementor-element elementor-element-26b78d6 elementor-widget elementor-widget-text-editor\" data-id=\"26b78d6\" data-element_type=\"widget\" data-e-type=\"widget\" data-widget_type=\"text-editor.default\">\n\t\t\t\t<div class=\"elementor-widget-container\">\n\t\t\t\t\t\t\t\t\t<p>Lors de sa d\u00e9lib\u00e9ration en mai 2019, la CA2BM, en partenariat avec le conseil R\u00e9gional des Hauts de France, a d\u00e9cid\u00e9 de venir en aide aux primo-acc\u00e9dants.<\/p><p>Des prime variants de 8000 \u00e0 13000\u20ac peuvent ainsi \u00eatre attribu\u00e9es aux futurs propri\u00e9taires, tant pour le neuf que pour l&rsquo;ancien b\u00e2ti.<\/p><p>Bien s\u00fbr, ces attributions sont conditionn\u00e9es par un certains nombre de crit\u00e8res, de ressources sociaux, et l&rsquo;acquisition ou la construction ne concerne qu&rsquo;une toute premi\u00e8re r\u00e9sidence principale.<\/p><p><a href=\"https:\/\/www.ca2bm.fr\/service-au-public\/logement-transport\/aide-a-laccession-habiter-mieux\">Infos r\u00e8glement du dispositif\u00a0<\/a><\/p>\t\t\t\t\t\t\t\t<\/div>\n\t\t\t\t<\/div>\n\t\t\t\t\t<\/div>\n\t\t<\/div>\n\t\t\t\t\t<\/div>\n\t\t<\/section>\n\t\t\t\t\t<\/div>\n\t\t<\/div>\n\t\t\t\t\t<\/div>\n\t\t<\/section>\n\t\t\t\t<section class=\"elementor-section elementor-top-section elementor-element elementor-element-beae967 elementor-section-boxed elementor-section-height-default elementor-section-height-default\" data-id=\"beae967\" data-element_type=\"section\" data-e-type=\"section\">\n\t\t\t\t\t\t<div class=\"elementor-container elementor-column-gap-default\">\n\t\t\t\t\t<div class=\"elementor-column elementor-col-100 elementor-top-column elementor-element elementor-element-c951332\" data-id=\"c951332\" data-element_type=\"column\" data-e-type=\"column\">\n\t\t\t<div class=\"elementor-widget-wrap elementor-element-populated\">\n\t\t\t\t\t\t<div class=\"elementor-element elementor-element-5daf3da elementor-widget-divider--view-line elementor-widget elementor-widget-divider\" data-id=\"5daf3da\" data-element_type=\"widget\" data-e-type=\"widget\" data-widget_type=\"divider.default\">\n\t\t\t\t<div class=\"elementor-widget-container\">\n\t\t\t\t\t\t\t<div class=\"elementor-divider\">\n\t\t\t<span class=\"elementor-divider-separator\">\n\t\t\t\t\t\t<\/span>\n\t\t<\/div>\n\t\t\t\t\t\t<\/div>\n\t\t\t\t<\/div>\n\t\t\t\t\t<\/div>\n\t\t<\/div>\n\t\t\t\t\t<\/div>\n\t\t<\/section>\n\t\t\t\t<section class=\"elementor-section elementor-top-section elementor-element elementor-element-170d412 elementor-section-boxed elementor-section-height-default elementor-section-height-default\" data-id=\"170d412\" data-element_type=\"section\" data-e-type=\"section\">\n\t\t\t\t\t\t<div class=\"elementor-container elementor-column-gap-default\">\n\t\t\t\t\t<div class=\"elementor-column elementor-col-100 elementor-top-column elementor-element elementor-element-cc9e7e6\" data-id=\"cc9e7e6\" data-element_type=\"column\" data-e-type=\"column\">\n\t\t\t<div class=\"elementor-widget-wrap elementor-element-populated\">\n\t\t\t\t\t\t<div class=\"elementor-element elementor-element-d026267 elementor-widget elementor-widget-heading\" data-id=\"d026267\" data-element_type=\"widget\" data-e-type=\"widget\" data-widget_type=\"heading.default\">\n\t\t\t\t<div class=\"elementor-widget-container\">\n\t\t\t\t\t<h2 class=\"elementor-heading-title elementor-size-default\">Fonds d'aide aux jeunes pour l'insertion<\/h2>\t\t\t\t<\/div>\n\t\t\t\t<\/div>\n\t\t\t\t<section class=\"elementor-section elementor-inner-section elementor-element elementor-element-e231363 elementor-section-boxed elementor-section-height-default elementor-section-height-default\" data-id=\"e231363\" data-element_type=\"section\" data-e-type=\"section\">\n\t\t\t\t\t\t<div class=\"elementor-container elementor-column-gap-default\">\n\t\t\t\t\t<div class=\"elementor-column elementor-col-50 elementor-inner-column elementor-element elementor-element-b4806d6\" data-id=\"b4806d6\" data-element_type=\"column\" data-e-type=\"column\">\n\t\t\t<div class=\"elementor-widget-wrap elementor-element-populated\">\n\t\t\t\t\t\t<div class=\"elementor-element elementor-element-da4a206 elementor-widget elementor-widget-image\" data-id=\"da4a206\" data-element_type=\"widget\" data-e-type=\"widget\" data-widget_type=\"image.default\">\n\t\t\t\t<div class=\"elementor-widget-container\">\n\t\t\t\t\t\t\t\t\t\t\t\t\t\t\t<img decoding=\"async\" width=\"159\" height=\"318\" src=\"https:\/\/www.attin-mairie.fr\/wp-content\/uploads\/2019\/06\/images.png\" class=\"attachment-large size-large wp-image-1917\" alt=\"\" srcset=\"https:\/\/www.attin-mairie.fr\/wp-content\/uploads\/2019\/06\/images.png 159w, https:\/\/www.attin-mairie.fr\/wp-content\/uploads\/2019\/06\/images-150x300.png 150w\" sizes=\"(max-width: 159px) 100vw, 159px\" \/>\t\t\t\t\t\t\t\t\t\t\t\t\t\t\t<\/div>\n\t\t\t\t<\/div>\n\t\t\t\t\t<\/div>\n\t\t<\/div>\n\t\t\t\t<div class=\"elementor-column elementor-col-50 elementor-inner-column elementor-element elementor-element-23e7625\" data-id=\"23e7625\" data-element_type=\"column\" data-e-type=\"column\">\n\t\t\t<div class=\"elementor-widget-wrap elementor-element-populated\">\n\t\t\t\t\t\t<div class=\"elementor-element elementor-element-2da6dbd elementor-widget elementor-widget-text-editor\" data-id=\"2da6dbd\" data-element_type=\"widget\" data-e-type=\"widget\" data-widget_type=\"text-editor.default\">\n\t\t\t\t<div class=\"elementor-widget-container\">\n\t\t\t\t\t\t\t\t\t<p>Le fonds d&rsquo;aide aux jeunes pour l&rsquo;insertion (FEAJ) est un dispositif du D\u00e9partement du pas-de-calais destin\u00e9 \u00e0 aider les jeunes de 18 \u00e0 25 ans, en mati\u00e8re sociale et d&rsquo;exclusion, mobilit\u00e9 aide \u00e0 l&rsquo;insertion professionnelle.\u00a0<\/p><p><a href=\"https:\/\/www.pasdecalais.fr\/Solidarite-Sante\/Lutte-contre-les-exclusions\/Les-dispositifs-de-lutte-contre-les-exclusions\/Le-Fonds-d-Aide-aux-Jeunes-favoriser-l-insertion-des-jeunes\">Infos<\/a><\/p><p>\u00a0<\/p>\t\t\t\t\t\t\t\t<\/div>\n\t\t\t\t<\/div>\n\t\t\t\t\t<\/div>\n\t\t<\/div>\n\t\t\t\t\t<\/div>\n\t\t<\/section>\n\t\t\t\t\t<\/div>\n\t\t<\/div>\n\t\t\t\t\t<\/div>\n\t\t<\/section>\n\t\t\t\t<\/div>\n\t\t","protected":false},"excerpt":{"rendered":"<p>Aides permis de conduire Le d\u00e9partement du pas-de-calais propose plusieurs dispositifs pour financer le permis de conduire. Suivre les liens pour plus d&rsquo;infos : http:\/\/jeunesdu62.fr\/Ma-mobilite\/bourse-Initiatives-jeunes-permis-citoyen\u00a0 http:\/\/www.jeunesdu62.fr\/Ma-mobilite\/Coup-de-pouce-Permis-de-conduire-En-Route-vers-l-emploi prime aux acc\u00e9dants \u00ab\u00a0habiter mieux en ca2bm\u00a0\u00bb Lors de sa d\u00e9lib\u00e9ration en mai 2019, la CA2BM, en partenariat avec le conseil R\u00e9gional des Hauts de France, a d\u00e9cid\u00e9 de [&hellip;]<\/p>\n","protected":false},"author":1,"featured_media":0,"parent":0,"menu_order":0,"comment_status":"closed","ping_status":"closed","template":"","meta":{"ngg_post_thumbnail":0,"footnotes":""},"class_list":["post-2217","page","type-page","status-publish","hentry"],"_links":{"self":[{"href":"https:\/\/www.attin-mairie.fr\/index.php?rest_route=\/wp\/v2\/pages\/2217","targetHints":{"allow":["GET"]}}],"collection":[{"href":"https:\/\/www.attin-mairie.fr\/index.php?rest_route=\/wp\/v2\/pages"}],"about":[{"href":"https:\/\/www.attin-mairie.fr\/index.php?rest_route=\/wp\/v2\/types\/page"}],"author":[{"embeddable":true,"href":"https:\/\/www.attin-mairie.fr\/index.php?rest_route=\/wp\/v2\/users\/1"}],"replies":[{"embeddable":true,"href":"https:\/\/www.attin-mairie.fr\/index.php?rest_route=%2Fwp%2Fv2%2Fcomments&post=2217"}],"version-history":[{"count":38,"href":"https:\/\/www.attin-mairie.fr\/index.php?rest_route=\/wp\/v2\/pages\/2217\/revisions"}],"predecessor-version":[{"id":2578,"href":"https:\/\/www.attin-mairie.fr\/index.php?rest_route=\/wp\/v2\/pages\/2217\/revisions\/2578"}],"wp:attachment":[{"href":"https:\/\/www.attin-mairie.fr\/index.php?rest_route=%2Fwp%2Fv2%2Fmedia&parent=2217"}],"curies":[{"name":"wp","href":"https:\/\/api.w.org\/{rel}","templated":true}]}}